{"id":18002,"date":"2025-01-19T11:42:59","date_gmt":"2025-01-19T10:42:59","guid":{"rendered":"https:\/\/freimaurermuseum.ch\/?post_type=tribe_events&#038;p=18002"},"modified":"2025-06-08T07:58:03","modified_gmt":"2025-06-08T05:58:03","slug":"franc-maconnerie-et-bandes-dessinees","status":"publish","type":"tribe_events","link":"https:\/\/freimaurermuseum.ch\/fr\/on\/franc-maconnerie-et-bandes-dessinees\/","title":{"rendered":"Franc-Ma\u00e7onnerie et bandes dessin\u00e9es"},"content":{"rendered":"<h4>Didier Convard, Denis Falque et Fran\u00e7ois Morel viendront sp\u00e9cialement de Paris pour une journ\u00e9e de conf\u00e9rences et d\u00e9dicaces consacr\u00e9es \u00e0 Franc-Ma\u00e7onnerie et bandes dessin\u00e9es.<\/h4>\n<p>La langue de la conf\u00e9rence est le fran\u00e7ais. L&rsquo;entr\u00e9e est gratuite.<\/p>\n<p>&nbsp;<br \/>\n<strong>Programme<\/strong><br \/>\n\n<div id=\"tablepress-10-scroll-wrapper\" class=\"tablepress-scroll-wrapper\">\n<table id=\"tablepress-10\" class=\"tablepress tablepress-id-10 tablepress-responsive\">\n<tbody>\n<tr class=\"row-1\">\n\t<td class=\"column-1\">10:00<\/td><td class=\"column-2\">Accueil<br \/>\nRobin Heizmann, directeur du mus\u00e9e<\/td>\n<\/tr>\n<tr class=\"row-2\">\n\t<td class=\"column-1\"><\/td><td class=\"column-2\"><strong>Pourquoi une exposition sur Franc-Ma\u00e7onnerie et bande dessin\u00e9es ? <\/strong><br \/>\nDominique Alain Freymond, commissaire de l\u2019exposition et mod\u00e9rateur des entretiens<\/td>\n<\/tr>\n<tr class=\"row-3\">\n\t<td class=\"column-1\">10:30<\/td><td class=\"column-2\"><strong>Les dessous du succ\u00e8s des s\u00e9ries \u00ab Le triangle secret \u00bb et \u00ab L\u2019\u00e9pop\u00e9e de la franc-ma\u00e7onnerie \u00bb<\/strong><br \/>\nEntretiens avec le sc\u00e9nariste Didier Convard et le dessinateur Denis Falque<br \/>\nDiscussion avec le public<\/td>\n<\/tr>\n<tr class=\"row-4\">\n\t<td class=\"column-1\">11:15<\/td><td class=\"column-2\">Visite comment\u00e9e de l\u2019exposition et d\u00e9dicaces par Didier Convard et Denis Falque<\/td>\n<\/tr>\n<tr class=\"row-5\">\n\t<td class=\"column-1\">12:00<\/td><td class=\"column-2\">Ap\u00e9ro riche<\/td>\n<\/tr>\n<tr class=\"row-6\">\n\t<td class=\"column-1\">14:00<\/td><td class=\"column-2\"><strong>L\u2019humour en franc-ma\u00e7onnerie ?<\/strong><br \/>\nEntretien avec le dessinateur Fran\u00e7ois Morel, auteur de \u00ab Les colonnes sont muettes \u00bb et \u00ab Il en est de m\u00eame \u00e0 l\u2019Orient \u00bb<br \/>\nDiscussion avec le public<\/td>\n<\/tr>\n<tr class=\"row-7\">\n\t<td class=\"column-1\">15:15<\/td><td class=\"column-2\">Visite comment\u00e9e de l\u2019exposition et d\u00e9dicaces par Fran\u00e7ois Morel <\/td>\n<\/tr>\n<tr class=\"row-8\">\n\t<td class=\"column-1\">16:30<\/td><td class=\"column-2\">Fin de la manifestation<\/td>\n<\/tr>\n<\/tbody>\n<\/table>\n<\/div>\n<!-- #tablepress-10 from cache --><img decoding=\"async\" class=\"aligncenter size-full wp-image-17972\" src=\"https:\/\/freimaurermuseum.ch\/wp-content\/uploads\/2025\/01\/Konf-I-Comics-1.png\" alt=\"\" width=\"600\" srcset=\"https:\/\/freimaurermuseum.ch\/wp-content\/uploads\/2025\/01\/Konf-I-Comics-1.png 1200w, https:\/\/freimaurermuseum.ch\/wp-content\/uploads\/2025\/01\/Konf-I-Comics-1-300x150.png 300w, https:\/\/freimaurermuseum.ch\/wp-content\/uploads\/2025\/01\/Konf-I-Comics-1-1024x512.png 1024w\" sizes=\"(max-width: 1200px) 100vw, 1200px\" \/><\/p>\n<p>&nbsp;<\/p>\n<p><strong>Didier Convard &#8211; auteur-dessinateur et sc\u00e9nariste prolifique<\/strong><\/p>\n<figure id=\"attachment_17947\" aria-describedby=\"caption-attachment-17947\" style=\"width: 250px\" class=\"wp-caption alignright eventbild\"><img fetchpriority=\"high\" decoding=\"async\" class=\"wp-image-17947\" src=\"https:\/\/freimaurermuseum.ch\/wp-content\/uploads\/2025\/01\/Convard-Freymond-1.jpg\" alt=\"Didier Convard &amp; Dominique Freymond\" width=\"250\" height=\"772\" \/><figcaption id=\"caption-attachment-17947\" class=\"wp-caption-text\">Didier Convard &amp; Dominique Freymond<br \/>2023 \u00a9 La R\u00e9gion<\/figcaption><\/figure>\n<p>N\u00e9 en 1950 \u00e0 Paris, Didier Convard est un passionn\u00e9 d&rsquo;\u00e9sot\u00e9risme, de fantastique et d&rsquo;insolite. Il publie ses premiers dessins dans le magazine Saga et reprend en 1982, apr\u00e8s Fran\u00e7ois Bourgeon, le dessin des aventures de<em> Brunelle et Colin<\/em>. Il publie \u00e9galement une s\u00e9rie fantastique, <em>Chats,<\/em> aux \u00c9ditions Dargaud.<br \/>\nParall\u00e8lement \u00e0 sa carri\u00e8re de dessinateur, Didier Convard \u00e9crit de nombreux sc\u00e9narii pour Gine, dont <em>Neige<\/em> et <em>Finkel.<\/em> Son album consacr\u00e9 \u00e0 <em>Blake et Mortimer &#8211; L&rsquo;aventure immobile<\/em> (1998) sera traduit en allemand, anglais, espagnol, italien et portugais, En 2000, en \u00e9troite collaboration avec le dessinateur Denis Falque et gr\u00e2ce \u00e0 une \u00e9quipe polyvalente, il lance les sept albums de la s\u00e9rie <em>Le Triangle Secret<\/em>. Le succ\u00e8s est au rendez-vous et la s\u00e9rie se d\u00e9veloppe avec au total plus de 30 albums, 4 hors-s\u00e9rie et plusieurs int\u00e9grales pour environ trois millions d\u2019exemplaires vendus.<br \/>\nEn mars 2025, Didier Convard terminera le 12<sup>e<\/sup> album de la s\u00e9rie <em>L\u2019\u00e9pop\u00e9e de la franc-ma\u00e7onnerie,<\/em>\u00a0d\u00e9but\u00e9e en 2020. Didier a \u00e9t\u00e9 initi\u00e9 \u00e0 la Loge \u00ab\u00a0L<em>a Loi d&rsquo;Action et\u00a0Guillaume Tell r\u00e9unis<\/em>\u00a0\u00bb n\u00b0475 de la Grande Loge de France.<\/p>\n<p>&nbsp;<\/p>\n<p><strong>Denis Falque &#8211; le dessinateur talentueux<\/strong><\/p>\n<figure id=\"attachment_17954\" aria-describedby=\"caption-attachment-17954\" style=\"width: 250px\" class=\"wp-caption alignright eventbild\"><img decoding=\"async\" class=\"wp-image-17954\" src=\"https:\/\/freimaurermuseum.ch\/wp-content\/uploads\/2025\/01\/Falque.jpg\" alt=\"Denis Falque\" width=\"250\" srcset=\"https:\/\/freimaurermuseum.ch\/wp-content\/uploads\/2025\/01\/Falque.jpg 361w, https:\/\/freimaurermuseum.ch\/wp-content\/uploads\/2025\/01\/Falque-300x300.jpg 300w, https:\/\/freimaurermuseum.ch\/wp-content\/uploads\/2025\/01\/Falque-150x150.jpg 150w\" sizes=\"(max-width: 361px) 100vw, 361px\" \/><figcaption id=\"caption-attachment-17954\" class=\"wp-caption-text\">Denis Falque<br \/>\u00a9 Francesca Mantovani, Editions Gl\u00e9nat<\/figcaption><\/figure>\n<p>N\u00e9 le 12 juin 1969, \u00e0 Lyon, Denis Falque, apprend le m\u00e9tier de dessinateur \u00e0 l&rsquo;\u00e9cole \u00c9mile Cohl. Apr\u00e8s quelques pas dans une agence publicitaire, il d\u00e9cide de faire le grand saut dans le monde de la bande dessin\u00e9e en devenant coloriste, notamment pour Olivier Berlion et son\u00a0<em>Cadet des Soupetard<\/em>. En 1994, il dessine la s\u00e9rie d&rsquo;humour\u00a0<em>Graindazur (1994)<\/em>\u00a0puis l&rsquo;onirique\u00a0<em>Le Fond du Monde<\/em>\u00a0(1997) et enfin Jane avec Philippe Bonifay.<br \/>\nDidier Convard et les \u00e9ditions Gl\u00e9nat font appel \u00e0 son talent pour r\u00e9aliser la p\u00e9riode moderne du\u00a0<em>Triangle Secret (2000)<\/em>. Le succ\u00e8s de cette collaboration se poursuit avec <em>I.N.R.I.<\/em>, <em>Les Gardiens du Sang<\/em>, <em>Lacrima Christi <\/em>et<em> Rectificando. <\/em>A partir de 2020, il est l\u2019un des dessinateurs-cl\u00e9s de la s\u00e9rie<em> L\u2019\u00e9pop\u00e9e de la Franc-Ma\u00e7onnerie. <\/em>Denis Falque ne fait pas partie de la Franc-Ma\u00e7onnerie.<\/p>\n<p>&nbsp;<\/p>\n<p><strong>Fran\u00e7ois Morel &#8211; la grande finesse de l\u2019humour ma\u00e7onnique<\/strong><\/p>\n<figure id=\"attachment_17958\" aria-describedby=\"caption-attachment-17958\" style=\"width: 250px\" class=\"wp-caption alignright eventbild\"><img decoding=\"async\" class=\"wp-image-17958\" src=\"https:\/\/freimaurermuseum.ch\/wp-content\/uploads\/2025\/01\/Francois-Morel-2.jpg\" alt=\"Fran\u00e7ois Morel\" width=\"250\" \/><figcaption id=\"caption-attachment-17958\" class=\"wp-caption-text\">Fran\u00e7ois Morel<br \/>2024 \u00a9 Fran\u00e7ois Morel<\/figcaption><\/figure>\n<p>Attention de ne pas le confondre avec le com\u00e9dien homonyme, Fran\u00e7ois Morel,<strong>\u00a0<\/strong>franc-ma\u00e7on de La Grande Loge de l&rsquo;Alliance ma\u00e7onnique fran\u00e7aise (GL-AMF), est un illustrateur sp\u00e9cialis\u00e9 dans le dessin d\u2019humour ma\u00e7onnique.<br \/>\nIl a contribu\u00e9 \u00e0 plusieurs \u00e9ditions <em>du cahier de vacances du franc-ma\u00e7on<\/em> (Tr\u00e9daniel). Avec Jacques Carletto, il a publi\u00e9 <em>Les Secrets de la m\u00e9thode ma\u00e7onnique (Dervy-Livres, 2020). Signalons surtout <\/em>deux albums \u00e0 succ\u00e8s de dessins et de textes d\u2019humour\u00a0: <em>Les Colonnes sont muettes<\/em> (Ed. Scribe, 2018) et <em>Il en est de m\u00eame \u00e0 l\u2019Orient (Numerilivre Eds, 2022)<\/em>. Ses dessins sont r\u00e9guli\u00e8rement publi\u00e9s sur les sites <a href=\"https:\/\/hiram.be\" target=\"_blank\" rel=\"noopener\">hiram.be<\/a> et <a href=\"https:\/\/450.fm\/\" rel=\"noopener\" target=\"_blank\">450.fm<\/a>.<\/p>\n<p>&nbsp;<\/p>\n","protected":false},"excerpt":{"rendered":"<p><strong>Didier Convard<\/strong>, <strong>Denis Falque<\/strong> et <strong>Fran\u00e7ois Morel<\/strong> viendront sp\u00e9cialement de Paris pour une journ\u00e9e de conf\u00e9rences et d\u00e9dicaces consacr\u00e9es \u00e0 Franc-Ma\u00e7onnerie et bandes dessin\u00e9es.<\/p>\n","protected":false},"author":1,"featured_media":18050,"template":"","meta":{"_acf_changed":false,"_tribe_events_status":"","_tribe_events_status_reason":"","_tribe_events_is_hybrid":"","_tribe_events_is_virtual":"","_tribe_events_virtual_video_source":"","_tribe_events_virtual_embed_video":"","_tribe_events_virtual_linked_button_text":"","_tribe_events_virtual_linked_button":"","_tribe_events_virtual_show_embed_at":"","_tribe_events_virtual_show_embed_to":[],"_tribe_events_virtual_show_on_event":"","_tribe_events_virtual_show_on_views":"","_tribe_events_virtual_url":"","footnotes":""},"tags":[],"tribe_events_cat":[1810],"class_list":["post-18002","tribe_events","type-tribe_events","status-publish","has-post-thumbnail","hentry","tribe_events_cat-conference-fr","cat_conference-fr"],"acf":[],"aioseo_notices":[],"_links":{"self":[{"href":"https:\/\/freimaurermuseum.ch\/fr\/wp-json\/wp\/v2\/tribe_events\/18002","targetHints":{"allow":["GET"]}}],"collection":[{"href":"https:\/\/freimaurermuseum.ch\/fr\/wp-json\/wp\/v2\/tribe_events"}],"about":[{"href":"https:\/\/freimaurermuseum.ch\/fr\/wp-json\/wp\/v2\/types\/tribe_events"}],"author":[{"embeddable":true,"href":"https:\/\/freimaurermuseum.ch\/fr\/wp-json\/wp\/v2\/users\/1"}],"version-history":[{"count":0,"href":"https:\/\/freimaurermuseum.ch\/fr\/wp-json\/wp\/v2\/tribe_events\/18002\/revisions"}],"wp:featuredmedia":[{"embeddable":true,"href":"https:\/\/freimaurermuseum.ch\/fr\/wp-json\/wp\/v2\/media\/18050"}],"wp:attachment":[{"href":"https:\/\/freimaurermuseum.ch\/fr\/wp-json\/wp\/v2\/media?parent=18002"}],"wp:term":[{"taxonomy":"post_tag","embeddable":true,"href":"https:\/\/freimaurermuseum.ch\/fr\/wp-json\/wp\/v2\/tags?post=18002"},{"taxonomy":"tribe_events_cat","embeddable":true,"href":"https:\/\/freimaurermuseum.ch\/fr\/wp-json\/wp\/v2\/tribe_events_cat?post=18002"}],"curies":[{"name":"wp","href":"https:\/\/api.w.org\/{rel}","templated":true}]}}