{"id":15082,"date":"2020-03-14T09:04:16","date_gmt":"2020-03-14T08:04:16","guid":{"rendered":"https:\/\/freimaurermuseum.ch\/fms-neu\/direction-du-musee\/"},"modified":"2025-08-22T17:46:00","modified_gmt":"2025-08-22T15:46:00","slug":"direction-du-musee","status":"publish","type":"page","link":"https:\/\/freimaurermuseum.ch\/fr\/direction-du-musee\/","title":{"rendered":"Direction du Mus\u00e9e"},"content":{"rendered":"<div class='content-column one_half'><div style=\"padding-right:30px;\"><h1>Direction du Mus\u00e9e<\/h1>\n<p>Le Conseil des Conservateurs est responsable de la direction, de la conception et de la gestion du mus\u00e9e.<br \/><\/div><\/div><div class='content-column one_half last_column'><a href=\"https:\/\/freimaurermuseum.ch\/wp-content\/uploads\/2025\/08\/Kuratorium.jpg\"><img fetchpriority=\"high\" decoding=\"async\" src=\"https:\/\/freimaurermuseum.ch\/wp-content\/uploads\/2025\/08\/Kuratorium-1024x267.jpg\" alt=\"MMS Conseil des Conservateurs\" width=\"800\" height=\"209\" class=\"aligncenter size-large wp-image-19364\" \/><\/a><\/div><div class='clear_column'><\/div><\/p>\n<p>\n<table id=\"tablepress-3\" class=\"tablepress tablepress-id-3 tablepress-responsive\">\n<thead>\n<tr class=\"row-1\">\n\t<th class=\"column-1\">Nom<\/th><th class=\"column-2\">Fonction<\/th><th class=\"column-3\">Domaine<\/th><th class=\"column-4\">Loge<\/th><th class=\"column-5\">Orient<\/th>\n<\/tr>\n<\/thead>\n<tbody class=\"row-striping row-hover\">\n<tr class=\"row-2\">\n\t<td class=\"column-1\">Robin Heizmann<\/td><td class=\"column-2\">Directeur<\/td><td class=\"column-3\">Direction g\u00e9n\u00e9rale et relations publiques<\/td><td class=\"column-4\">Zur Brudertreue<\/td><td class=\"column-5\">Aarau<\/td>\n<\/tr>\n<tr class=\"row-3\">\n\t<td class=\"column-1\">Christoph Meister<\/td><td class=\"column-2\">Vice-Directeur<\/td><td class=\"column-3\">Orientation des contenus<\/td><td class=\"column-4\">Modestia cum Libertate<\/td><td class=\"column-5\">Zurich<\/td>\n<\/tr>\n<tr class=\"row-4\">\n\t<td class=\"column-1\">Manfred Vollenwyder<\/td><td class=\"column-2\">Direction artistique<\/td><td class=\"column-3\">Conception sc\u00e9nographique<\/td><td class=\"column-4\">Zur Hoffnung<\/td><td class=\"column-5\">Bern<\/td>\n<\/tr>\n<tr class=\"row-5\">\n\t<td class=\"column-1\">Lukas Kr\u00fcttli<\/td><td class=\"column-2\">Tr\u00e9sorier<\/td><td class=\"column-3\">Finances<\/td><td class=\"column-4\">Zur Brudertreue<\/td><td class=\"column-5\">Aarau<\/td>\n<\/tr>\n<tr class=\"row-6\">\n\t<td class=\"column-1\">Bruno Welti<\/td><td class=\"column-2\">Membre<\/td><td class=\"column-3\">Liaison FM<\/td><td class=\"column-4\">In Labore Virtus<\/td><td class=\"column-5\">Zurich<\/td>\n<\/tr>\n<tr class=\"row-7\">\n\t<td class=\"column-1\">Dominique Freymond<\/td><td class=\"column-2\">Membre<\/td><td class=\"column-3\">Expositions temporaires<\/td><td class=\"column-4\">La Libert\u00e9<\/td><td class=\"column-5\">Lausanne<\/td>\n<\/tr>\n<tr class=\"row-8\">\n\t<td class=\"column-1\">Andr\u00e9 Bamat<\/td><td class=\"column-2\">Membre<\/td><td class=\"column-3\">Projets sp\u00e9ciaux<\/td><td class=\"column-4\">Post Tenebras Lux<\/td><td class=\"column-5\">Zurich<\/td>\n<\/tr>\n<\/tbody>\n<\/table>\n<!-- #tablepress-3 from cache --><br \/>\n&nbsp;<br \/>\n<div class='content-column one_half'><div style=\"padding-right:30px;\"><h1>Association du Mus\u00e9e<\/h1>\n<p>L\u2019Association du mus\u00e9e MMS est responsable des affaires juridiques, contractuelles, organisationnelles et financi\u00e8res du mus\u00e9e<br \/><\/div><\/div><div class='content-column one_half last_column'><\/div><div class='clear_column'><\/div><\/p>\n\n<table id=\"tablepress-4\" class=\"tablepress tablepress-id-4 tablepress-responsive\">\n<thead>\n<tr class=\"row-1\">\n\t<th class=\"column-1\">Nom<\/th><th class=\"column-2\">Fonction<\/th><th class=\"column-3\">Loge<\/th><th class=\"column-4\">Orient<\/th>\n<\/tr>\n<\/thead>\n<tbody class=\"row-striping row-hover\">\n<tr class=\"row-2\">\n\t<td class=\"column-1\">Andr\u00e9 Bamat<\/td><td class=\"column-2\">Pr\u00e9sident<\/td><td class=\"column-3\">Post Tenebras Lux<\/td><td class=\"column-4\">Zurich<\/td>\n<\/tr>\n<tr class=\"row-3\">\n\t<td class=\"column-1\">Roland Ziegler<\/td><td class=\"column-2\">Vice-pr\u00e9sident<\/td><td class=\"column-3\">Prometheus<\/td><td class=\"column-4\">Soleure<\/td>\n<\/tr>\n<tr class=\"row-4\">\n\t<td class=\"column-1\">Robin Heizmann<\/td><td class=\"column-2\">Secr\u00e9taire<\/td><td class=\"column-3\">Zur Brudertreue <\/td><td class=\"column-4\">Aarau<\/td>\n<\/tr>\n<tr class=\"row-5\">\n\t<td class=\"column-1\">Lukas Kr\u00fcttli<\/td><td class=\"column-2\">Tr\u00e9sorier<\/td><td class=\"column-3\">Zur Brudertreue<\/td><td class=\"column-4\">Aarau<\/td>\n<\/tr>\n<tr class=\"row-6\">\n\t<td class=\"column-1\">Christoph Meister<\/td><td class=\"column-2\">Membre<\/td><td class=\"column-3\">Modestia cum Libertate<\/td><td class=\"column-4\">Zurich<\/td>\n<\/tr>\n<tr class=\"row-7\">\n\t<td class=\"column-1\">Mauro Rossi<\/td><td class=\"column-2\">Membre<\/td><td class=\"column-3\">Brenno Bertoni<\/td><td class=\"column-4\">Lugano<\/td>\n<\/tr>\n<tr class=\"row-8\">\n\t<td class=\"column-1\">Roger Beer<\/td><td class=\"column-2\">Membre<\/td><td class=\"column-3\">Union et Travail<\/td><td class=\"column-4\">Gen\u00e8ve<\/td>\n<\/tr>\n<\/tbody>\n<\/table>\n<!-- #tablepress-4 from cache -->\n<p>&nbsp;<\/p>\n","protected":false},"excerpt":{"rendered":"<p>Rencontrez les responsables qui g\u00e8rent le mus\u00e9e et sont charg\u00e9s de son fonctionnement. <\/p>\n","protected":false},"author":1,"featured_media":0,"parent":0,"menu_order":0,"comment_status":"closed","ping_status":"closed","template":"","meta":{"_acf_changed":false,"footnotes":""},"class_list":["post-15082","page","type-page","status-publish","hentry"],"acf":[],"aioseo_notices":[],"_links":{"self":[{"href":"https:\/\/freimaurermuseum.ch\/fr\/wp-json\/wp\/v2\/pages\/15082","targetHints":{"allow":["GET"]}}],"collection":[{"href":"https:\/\/freimaurermuseum.ch\/fr\/wp-json\/wp\/v2\/pages"}],"about":[{"href":"https:\/\/freimaurermuseum.ch\/fr\/wp-json\/wp\/v2\/types\/page"}],"author":[{"embeddable":true,"href":"https:\/\/freimaurermuseum.ch\/fr\/wp-json\/wp\/v2\/users\/1"}],"replies":[{"embeddable":true,"href":"https:\/\/freimaurermuseum.ch\/fr\/wp-json\/wp\/v2\/comments?post=15082"}],"version-history":[{"count":3,"href":"https:\/\/freimaurermuseum.ch\/fr\/wp-json\/wp\/v2\/pages\/15082\/revisions"}],"predecessor-version":[{"id":19381,"href":"https:\/\/freimaurermuseum.ch\/fr\/wp-json\/wp\/v2\/pages\/15082\/revisions\/19381"}],"wp:attachment":[{"href":"https:\/\/freimaurermuseum.ch\/fr\/wp-json\/wp\/v2\/media?parent=15082"}],"curies":[{"name":"wp","href":"https:\/\/api.w.org\/{rel}","templated":true}]}}